{"id":785,"date":"2019-08-25T08:50:20","date_gmt":"2019-08-25T08:50:20","guid":{"rendered":"http:\/\/obiektywnienajpiekniejsze.pl\/?page_id=785"},"modified":"2025-02-22T21:15:47","modified_gmt":"2025-02-22T21:15:47","slug":"media-o-obiektwnie-najpiekniejszych","status":"publish","type":"page","link":"http:\/\/obiektywnienajpiekniejsze.pl\/?page_id=785","title":{"rendered":"W mediach"},"content":{"rendered":"\n<figure class=\"wp-block-image\"><img loading=\"lazy\" decoding=\"async\" width=\"20\" height=\"20\" src=\"http:\/\/obiektywnienajpiekniejsze.pl\/wp-content\/uploads\/2019\/01\/emptylogo.png\" alt=\"\" class=\"wp-image-87\"\/><\/figure>\n\n\n\n<h5 class=\"wp-block-heading has-text-align-center\">Dzie\u0144 dobry TVN<\/h5>\n\n\n\n<figure class=\"wp-block-image size-large\"><img loading=\"lazy\" decoding=\"async\" width=\"1024\" height=\"681\" src=\"http:\/\/obiektywnienajpiekniejsze.pl\/wp-content\/uploads\/2025\/02\/foto1-1024x681.jpg\" alt=\"\" class=\"wp-image-1904\" srcset=\"http:\/\/obiektywnienajpiekniejsze.pl\/wp-content\/uploads\/2025\/02\/foto1-1024x681.jpg 1024w, http:\/\/obiektywnienajpiekniejsze.pl\/wp-content\/uploads\/2025\/02\/foto1-300x199.jpg 300w, http:\/\/obiektywnienajpiekniejsze.pl\/wp-content\/uploads\/2025\/02\/foto1-768x511.jpg 768w, http:\/\/obiektywnienajpiekniejsze.pl\/wp-content\/uploads\/2025\/02\/foto1-720x480.jpg 720w, http:\/\/obiektywnienajpiekniejsze.pl\/wp-content\/uploads\/2025\/02\/foto1-272x182.jpg 272w, http:\/\/obiektywnienajpiekniejsze.pl\/wp-content\/uploads\/2025\/02\/foto1.jpg 1199w\" sizes=\"auto, (max-width: 1024px) 100vw, 1024px\" \/><\/figure>\n\n\n\n<p><a href=\"https:\/\/dziendobry.tvn.pl\/styl-zycia\/fotografowanie-porodow-to-jej-pasja-jak-wyglada-jej-praca-st8254691\" target=\"_blank\" rel=\"noreferrer noopener\">https:\/\/dziendobry.tvn.pl\/styl-zycia\/fotografowanie-porodow-to-jej-pasja-jak-wyglada-jej-praca-st8254691<\/a><\/p>\n\n\n\n<figure class=\"wp-block-image size-large\"><img loading=\"lazy\" decoding=\"async\" width=\"20\" height=\"20\" src=\"http:\/\/obiektywnienajpiekniejsze.pl\/wp-content\/uploads\/2019\/01\/emptylogo.png\" alt=\"\" class=\"wp-image-87\"\/><\/figure>\n\n\n\n<h5 class=\"wp-block-heading has-text-align-center\">Vogue<\/h5>\n\n\n\n<figure class=\"wp-block-image size-large\"><img loading=\"lazy\" decoding=\"async\" width=\"1024\" height=\"494\" src=\"http:\/\/obiektywnienajpiekniejsze.pl\/wp-content\/uploads\/2023\/04\/Vogue-1-1024x494.jpg\" alt=\"\" class=\"wp-image-1560\" srcset=\"http:\/\/obiektywnienajpiekniejsze.pl\/wp-content\/uploads\/2023\/04\/Vogue-1-1024x494.jpg 1024w, http:\/\/obiektywnienajpiekniejsze.pl\/wp-content\/uploads\/2023\/04\/Vogue-1-300x145.jpg 300w, http:\/\/obiektywnienajpiekniejsze.pl\/wp-content\/uploads\/2023\/04\/Vogue-1-768x371.jpg 768w, http:\/\/obiektywnienajpiekniejsze.pl\/wp-content\/uploads\/2023\/04\/Vogue-1-1536x742.jpg 1536w, http:\/\/obiektywnienajpiekniejsze.pl\/wp-content\/uploads\/2023\/04\/Vogue-1.jpg 1812w\" sizes=\"auto, (max-width: 1024px) 100vw, 1024px\" \/><\/figure>\n\n\n\n<p><a href=\"https:\/\/www.vogue.pl\/a\/pamiatka-na-cale-zycie-rozmawiamy-z-ania-wibig-fotografka-dokumentujaca-narodziny\">https:\/\/www.vogue.pl\/a\/pamiatka-na-cale-zycie-rozmawiamy-z-ania-wibig-fotografka-dokumentujaca-narodziny<\/a><\/p>\n\n\n\n<figure class=\"wp-block-image size-large\"><img loading=\"lazy\" decoding=\"async\" width=\"20\" height=\"20\" src=\"http:\/\/obiektywnienajpiekniejsze.pl\/wp-content\/uploads\/2019\/01\/emptylogo.png\" alt=\"\" class=\"wp-image-87\"\/><\/figure>\n\n\n\n<h5 class=\"wp-block-heading has-text-align-center\">Szeroki Kadr \u2013 Fotograf miesi\u0105ca<\/h5>\n\n\n\n<figure class=\"wp-block-image size-large\"><img loading=\"lazy\" decoding=\"async\" width=\"1024\" height=\"683\" src=\"https:\/\/obiektywnienajpiekniejsze.pl\/wp-content\/uploads\/2025\/02\/szeroki-kadr-1-1024x683.jpg\" alt=\"\" class=\"wp-image-1923\" srcset=\"http:\/\/obiektywnienajpiekniejsze.pl\/wp-content\/uploads\/2025\/02\/szeroki-kadr-1-1024x683.jpg 1024w, http:\/\/obiektywnienajpiekniejsze.pl\/wp-content\/uploads\/2025\/02\/szeroki-kadr-1-300x200.jpg 300w, http:\/\/obiektywnienajpiekniejsze.pl\/wp-content\/uploads\/2025\/02\/szeroki-kadr-1-768x512.jpg 768w, http:\/\/obiektywnienajpiekniejsze.pl\/wp-content\/uploads\/2025\/02\/szeroki-kadr-1-720x480.jpg 720w, http:\/\/obiektywnienajpiekniejsze.pl\/wp-content\/uploads\/2025\/02\/szeroki-kadr-1-272x182.jpg 272w, http:\/\/obiektywnienajpiekniejsze.pl\/wp-content\/uploads\/2025\/02\/szeroki-kadr-1.jpg 1156w\" sizes=\"auto, (max-width: 1024px) 100vw, 1024px\" \/><\/figure>\n\n\n\n<p><a href=\"https:\/\/www.szerokikadr.pl\/fotograf-miesiaca\/ania-wibig\" target=\"_blank\" rel=\"noreferrer noopener\">https:\/\/www.szerokikadr.pl\/fotograf-miesiaca\/ania-wibig<\/a><\/p>\n\n\n\n<figure class=\"wp-block-image size-large\"><img loading=\"lazy\" decoding=\"async\" width=\"20\" height=\"20\" src=\"http:\/\/obiektywnienajpiekniejsze.pl\/wp-content\/uploads\/2019\/01\/emptylogo.png\" alt=\"\" class=\"wp-image-87\"\/><\/figure>\n\n\n\n<h5 class=\"wp-block-heading has-text-align-center\">eDziecko: Ania Wibig zdradza kulisy pracy fotografki porodowej<\/h5>\n\n\n\n<figure class=\"wp-block-image size-large\"><img loading=\"lazy\" decoding=\"async\" width=\"1024\" height=\"576\" src=\"http:\/\/obiektywnienajpiekniejsze.pl\/wp-content\/uploads\/2023\/04\/EDziecko_Anna-Wibig-zdradza-kulisy-fotografii-porodowej.jpg\" alt=\"\" class=\"wp-image-1562\" srcset=\"http:\/\/obiektywnienajpiekniejsze.pl\/wp-content\/uploads\/2023\/04\/EDziecko_Anna-Wibig-zdradza-kulisy-fotografii-porodowej.jpg 1024w, http:\/\/obiektywnienajpiekniejsze.pl\/wp-content\/uploads\/2023\/04\/EDziecko_Anna-Wibig-zdradza-kulisy-fotografii-porodowej-300x169.jpg 300w, http:\/\/obiektywnienajpiekniejsze.pl\/wp-content\/uploads\/2023\/04\/EDziecko_Anna-Wibig-zdradza-kulisy-fotografii-porodowej-768x432.jpg 768w\" sizes=\"auto, (max-width: 1024px) 100vw, 1024px\" \/><\/figure>\n\n\n\n<p><a href=\"https:\/\/www.edziecko.pl\/szkolarodzenia\/7,183401,28488617,anna-wibig-tworzy-reportaze-z-narodzin.html?fbclid=IwAR0jNDWtZlxV-DyRxNKTz5SP83tHOf0gYHEsojr-XWY2PUGoSYGhKRwkDS0\">https:\/\/www.edziecko.pl\/szkolarodzenia\/7,183401,28488617,anna-wibig-tworzy-reportaze-z-narodzin.html?fbclid=IwAR0jNDWtZlxV-DyRxNKTz5SP83tHOf0gYHEsojr-XWY2PUGoSYGhKRwkDS0<\/a><\/p>\n\n\n\n<figure class=\"wp-block-image size-large\"><img loading=\"lazy\" decoding=\"async\" width=\"20\" height=\"20\" src=\"http:\/\/obiektywnienajpiekniejsze.pl\/wp-content\/uploads\/2019\/01\/emptylogo.png\" alt=\"\" class=\"wp-image-87\"\/><\/figure>\n\n\n\n<h5 class=\"wp-block-heading has-text-align-center\">Wysokie obcasy<\/h5>\n\n\n<div class=\"wp-block-image\">\n<figure class=\"aligncenter size-large\"><img loading=\"lazy\" decoding=\"async\" width=\"487\" height=\"637\" src=\"http:\/\/obiektywnienajpiekniejsze.pl\/wp-content\/uploads\/2021\/11\/wysokie-ok\u0142adka.jpg\" alt=\"\" class=\"wp-image-1463\" srcset=\"http:\/\/obiektywnienajpiekniejsze.pl\/wp-content\/uploads\/2021\/11\/wysokie-ok\u0142adka.jpg 487w, http:\/\/obiektywnienajpiekniejsze.pl\/wp-content\/uploads\/2021\/11\/wysokie-ok\u0142adka-229x300.jpg 229w\" sizes=\"auto, (max-width: 487px) 100vw, 487px\" \/><\/figure><\/div>\n\n\n<figure class=\"wp-block-image size-large\"><img loading=\"lazy\" decoding=\"async\" width=\"857\" height=\"599\" src=\"http:\/\/obiektywnienajpiekniejsze.pl\/wp-content\/uploads\/2021\/11\/wysokie-online.jpg\" alt=\"\" class=\"wp-image-1464\" srcset=\"http:\/\/obiektywnienajpiekniejsze.pl\/wp-content\/uploads\/2021\/11\/wysokie-online.jpg 857w, http:\/\/obiektywnienajpiekniejsze.pl\/wp-content\/uploads\/2021\/11\/wysokie-online-300x210.jpg 300w, http:\/\/obiektywnienajpiekniejsze.pl\/wp-content\/uploads\/2021\/11\/wysokie-online-768x537.jpg 768w\" sizes=\"auto, (max-width: 857px) 100vw, 857px\" \/><\/figure>\n\n\n\n<p><a href=\"https:\/\/www.wysokieobcasy.pl\/wysokie-obcasy\/7,173910,27065697,porod-zdjecia-ania-wibig-zdjecia-porodu-to-dla-wielu.html\">https:\/\/www.wysokieobcasy.pl\/wysokie-obcasy\/7,173910,27065697,porod-zdjecia-ania-wibig-zdjecia-porodu-to-dla-wielu.html<\/a><\/p>\n\n\n\n<figure class=\"wp-block-image size-large\"><img loading=\"lazy\" decoding=\"async\" width=\"20\" height=\"20\" src=\"http:\/\/obiektywnienajpiekniejsze.pl\/wp-content\/uploads\/2019\/01\/emptylogo.png\" alt=\"\" class=\"wp-image-87\"\/><\/figure>\n\n\n\n<h5 class=\"wp-block-heading has-text-align-center\">Szeroki Kadr &#8211; Inspiracja miesi\u0105ca<\/h5>\n\n\n\n<figure class=\"wp-block-image size-large\"><img loading=\"lazy\" decoding=\"async\" width=\"1024\" height=\"545\" src=\"http:\/\/obiektywnienajpiekniejsze.pl\/wp-content\/uploads\/2023\/04\/SzerokiKadr-1024x545.jpg\" alt=\"\" class=\"wp-image-1561\" srcset=\"http:\/\/obiektywnienajpiekniejsze.pl\/wp-content\/uploads\/2023\/04\/SzerokiKadr-1024x545.jpg 1024w, http:\/\/obiektywnienajpiekniejsze.pl\/wp-content\/uploads\/2023\/04\/SzerokiKadr-300x160.jpg 300w, http:\/\/obiektywnienajpiekniejsze.pl\/wp-content\/uploads\/2023\/04\/SzerokiKadr-768x409.jpg 768w, http:\/\/obiektywnienajpiekniejsze.pl\/wp-content\/uploads\/2023\/04\/SzerokiKadr.jpg 1453w\" sizes=\"auto, (max-width: 1024px) 100vw, 1024px\" \/><\/figure>\n\n\n\n<p><a href=\"https:\/\/www.szerokikadr.pl\/inspiracje\/ania-wibig\">https:\/\/www.szerokikadr.pl\/inspiracje\/ania-wibig<\/a><\/p>\n\n\n\n<figure class=\"wp-block-image size-large\"><img loading=\"lazy\" decoding=\"async\" width=\"20\" height=\"20\" src=\"http:\/\/obiektywnienajpiekniejsze.pl\/wp-content\/uploads\/2019\/01\/emptylogo.png\" alt=\"\" class=\"wp-image-87\"\/><\/figure>\n\n\n\n<h5 class=\"wp-block-heading has-text-align-center\">Teraz Wilan\u00f3w &#8222;Urodzone w domu&#8221;<\/h5>\n\n\n\n<div class=\"wp-block-group\"><div class=\"wp-block-group__inner-container is-layout-flow wp-block-group-is-layout-flow\">\n<figure class=\"wp-block-gallery has-nested-images columns-default is-cropped wp-block-gallery-1 is-layout-flex wp-block-gallery-is-layout-flex\">\n<figure class=\"wp-block-image size-large\"><img loading=\"lazy\" decoding=\"async\" width=\"1024\" height=\"728\" src=\"https:\/\/obiektywnienajpiekniejsze.pl\/wp-content\/uploads\/2023\/04\/TW_Urodzone-w-domu_1-1024x728.jpg\" alt=\"\" class=\"wp-image-1564\" srcset=\"http:\/\/obiektywnienajpiekniejsze.pl\/wp-content\/uploads\/2023\/04\/TW_Urodzone-w-domu_1-1024x728.jpg 1024w, http:\/\/obiektywnienajpiekniejsze.pl\/wp-content\/uploads\/2023\/04\/TW_Urodzone-w-domu_1-300x213.jpg 300w, http:\/\/obiektywnienajpiekniejsze.pl\/wp-content\/uploads\/2023\/04\/TW_Urodzone-w-domu_1-768x546.jpg 768w, http:\/\/obiektywnienajpiekniejsze.pl\/wp-content\/uploads\/2023\/04\/TW_Urodzone-w-domu_1.jpg 1335w\" sizes=\"auto, (max-width: 1024px) 100vw, 1024px\" \/><\/figure>\n\n\n\n<figure class=\"wp-block-image size-large\"><img loading=\"lazy\" decoding=\"async\" width=\"1024\" height=\"716\" src=\"https:\/\/obiektywnienajpiekniejsze.pl\/wp-content\/uploads\/2023\/04\/TW_Urodzone-w-domu-2-1024x716.jpg\" alt=\"\" class=\"wp-image-1563\" srcset=\"http:\/\/obiektywnienajpiekniejsze.pl\/wp-content\/uploads\/2023\/04\/TW_Urodzone-w-domu-2-1024x716.jpg 1024w, http:\/\/obiektywnienajpiekniejsze.pl\/wp-content\/uploads\/2023\/04\/TW_Urodzone-w-domu-2-300x210.jpg 300w, http:\/\/obiektywnienajpiekniejsze.pl\/wp-content\/uploads\/2023\/04\/TW_Urodzone-w-domu-2-768x537.jpg 768w, http:\/\/obiektywnienajpiekniejsze.pl\/wp-content\/uploads\/2023\/04\/TW_Urodzone-w-domu-2.jpg 1337w\" sizes=\"auto, (max-width: 1024px) 100vw, 1024px\" \/><\/figure>\n<\/figure>\n<\/div><\/div>\n\n\n\n<figure class=\"wp-block-image size-large\"><img loading=\"lazy\" decoding=\"async\" width=\"20\" height=\"20\" src=\"http:\/\/obiektywnienajpiekniejsze.pl\/wp-content\/uploads\/2019\/01\/emptylogo.png\" alt=\"\" class=\"wp-image-87\"\/><\/figure>\n\n\n\n<h5 class=\"wp-block-heading has-text-align-center\">Pytanie na \u015bniadanie<\/h5>\n\n\n\n<figure class=\"wp-block-image size-large\"><img loading=\"lazy\" decoding=\"async\" width=\"1024\" height=\"569\" src=\"http:\/\/obiektywnienajpiekniejsze.pl\/wp-content\/uploads\/2023\/04\/Pn\u015a_1-1024x569.jpg\" alt=\"\" class=\"wp-image-1565\" srcset=\"http:\/\/obiektywnienajpiekniejsze.pl\/wp-content\/uploads\/2023\/04\/Pn\u015a_1-1024x569.jpg 1024w, http:\/\/obiektywnienajpiekniejsze.pl\/wp-content\/uploads\/2023\/04\/Pn\u015a_1-300x167.jpg 300w, http:\/\/obiektywnienajpiekniejsze.pl\/wp-content\/uploads\/2023\/04\/Pn\u015a_1-768x427.jpg 768w, http:\/\/obiektywnienajpiekniejsze.pl\/wp-content\/uploads\/2023\/04\/Pn\u015a_1-1536x854.jpg 1536w, http:\/\/obiektywnienajpiekniejsze.pl\/wp-content\/uploads\/2023\/04\/Pn\u015a_1.jpg 1733w\" sizes=\"auto, (max-width: 1024px) 100vw, 1024px\" \/><\/figure>\n\n\n\n<figure class=\"wp-block-gallery has-nested-images columns-default is-cropped wp-block-gallery-2 is-layout-flex wp-block-gallery-is-layout-flex\">\n<figure class=\"wp-block-image size-large\"><img loading=\"lazy\" decoding=\"async\" width=\"1024\" height=\"545\" data-id=\"1566\" src=\"https:\/\/obiektywnienajpiekniejsze.pl\/wp-content\/uploads\/2023\/04\/Pn\u015a_2-1024x545.jpg\" alt=\"\" class=\"wp-image-1566\" srcset=\"http:\/\/obiektywnienajpiekniejsze.pl\/wp-content\/uploads\/2023\/04\/Pn\u015a_2-1024x545.jpg 1024w, http:\/\/obiektywnienajpiekniejsze.pl\/wp-content\/uploads\/2023\/04\/Pn\u015a_2-300x160.jpg 300w, http:\/\/obiektywnienajpiekniejsze.pl\/wp-content\/uploads\/2023\/04\/Pn\u015a_2-768x409.jpg 768w, http:\/\/obiektywnienajpiekniejsze.pl\/wp-content\/uploads\/2023\/04\/Pn\u015a_2-1536x818.jpg 1536w, http:\/\/obiektywnienajpiekniejsze.pl\/wp-content\/uploads\/2023\/04\/Pn\u015a_2.jpg 1789w\" sizes=\"auto, (max-width: 1024px) 100vw, 1024px\" \/><\/figure>\n\n\n\n<figure class=\"wp-block-image size-large\"><img loading=\"lazy\" decoding=\"async\" width=\"1024\" height=\"576\" data-id=\"1567\" src=\"https:\/\/obiektywnienajpiekniejsze.pl\/wp-content\/uploads\/2023\/04\/Pn\u015a_3-1024x576.jpg\" alt=\"\" class=\"wp-image-1567\" srcset=\"http:\/\/obiektywnienajpiekniejsze.pl\/wp-content\/uploads\/2023\/04\/Pn\u015a_3-1024x576.jpg 1024w, http:\/\/obiektywnienajpiekniejsze.pl\/wp-content\/uploads\/2023\/04\/Pn\u015a_3-300x169.jpg 300w, http:\/\/obiektywnienajpiekniejsze.pl\/wp-content\/uploads\/2023\/04\/Pn\u015a_3-768x432.jpg 768w, http:\/\/obiektywnienajpiekniejsze.pl\/wp-content\/uploads\/2023\/04\/Pn\u015a_3-1536x864.jpg 1536w, http:\/\/obiektywnienajpiekniejsze.pl\/wp-content\/uploads\/2023\/04\/Pn\u015a_3.jpg 1920w\" sizes=\"auto, (max-width: 1024px) 100vw, 1024px\" \/><\/figure>\n\n\n\n<figure class=\"wp-block-image size-large\"><img loading=\"lazy\" decoding=\"async\" width=\"1024\" height=\"576\" data-id=\"1568\" src=\"https:\/\/obiektywnienajpiekniejsze.pl\/wp-content\/uploads\/2023\/04\/Pn\u015a_4-1024x576.jpg\" alt=\"\" class=\"wp-image-1568\" srcset=\"http:\/\/obiektywnienajpiekniejsze.pl\/wp-content\/uploads\/2023\/04\/Pn\u015a_4-1024x576.jpg 1024w, http:\/\/obiektywnienajpiekniejsze.pl\/wp-content\/uploads\/2023\/04\/Pn\u015a_4-300x169.jpg 300w, http:\/\/obiektywnienajpiekniejsze.pl\/wp-content\/uploads\/2023\/04\/Pn\u015a_4-768x432.jpg 768w, http:\/\/obiektywnienajpiekniejsze.pl\/wp-content\/uploads\/2023\/04\/Pn\u015a_4-1536x864.jpg 1536w, http:\/\/obiektywnienajpiekniejsze.pl\/wp-content\/uploads\/2023\/04\/Pn\u015a_4.jpg 1920w\" sizes=\"auto, (max-width: 1024px) 100vw, 1024px\" \/><\/figure>\n<\/figure>\n\n\n\n<p><a href=\"https:\/\/pytanienasniadanie.tvp.pl\/57980855\/kontrowersyjne-sesje-z-porodow?fbclid=IwAR1b9UiaI-vbrp55fQ5WWeh9qsturM1nOo_jFC63o3eeVVtGcg0BLrToWQY\">https:\/\/pytanienasniadanie.tvp.pl\/57980855\/kontrowersyjne-sesje-z-porodow?fbclid=IwAR1b9UiaI-vbrp55fQ5WWeh9qsturM1nOo_jFC63o3eeVVtGcg0BLrToWQY<\/a><\/p>\n\n\n\n<figure class=\"wp-block-image size-large\"><img loading=\"lazy\" decoding=\"async\" width=\"20\" height=\"20\" src=\"http:\/\/obiektywnienajpiekniejsze.pl\/wp-content\/uploads\/2019\/01\/emptylogo.png\" alt=\"\" class=\"wp-image-87\"\/><\/figure>\n\n\n\n<h5 class=\"wp-block-heading has-text-align-center\">Live z Po\u0142o\u017cn\u0105 Izabell\u0105 Dembi\u0144sk\u0105<\/h5>\n\n\n<div class=\"wp-block-image\">\n<figure class=\"aligncenter size-large is-resized\"><img loading=\"lazy\" decoding=\"async\" width=\"843\" height=\"843\" src=\"http:\/\/obiektywnienajpiekniejsze.pl\/wp-content\/uploads\/2023\/04\/Live-z-Izabell\u0105-Dembi\u0144sk\u0105-2.png\" alt=\"\" class=\"wp-image-1569\" style=\"width:422px;height:422px\" srcset=\"http:\/\/obiektywnienajpiekniejsze.pl\/wp-content\/uploads\/2023\/04\/Live-z-Izabell\u0105-Dembi\u0144sk\u0105-2.png 843w, http:\/\/obiektywnienajpiekniejsze.pl\/wp-content\/uploads\/2023\/04\/Live-z-Izabell\u0105-Dembi\u0144sk\u0105-2-300x300.png 300w, http:\/\/obiektywnienajpiekniejsze.pl\/wp-content\/uploads\/2023\/04\/Live-z-Izabell\u0105-Dembi\u0144sk\u0105-2-150x150.png 150w, http:\/\/obiektywnienajpiekniejsze.pl\/wp-content\/uploads\/2023\/04\/Live-z-Izabell\u0105-Dembi\u0144sk\u0105-2-768x768.png 768w, http:\/\/obiektywnienajpiekniejsze.pl\/wp-content\/uploads\/2023\/04\/Live-z-Izabell\u0105-Dembi\u0144sk\u0105-2-650x650.png 650w\" sizes=\"auto, (max-width: 843px) 100vw, 843px\" \/><\/figure><\/div>\n\n\n<p><a href=\"https:\/\/www.facebook.com\/poloznaizabeladembinska\/videos\/825502881760439\">https:\/\/www.facebook.com\/poloznaizabeladembinska\/videos\/825502881760439<\/a><\/p>\n\n\n\n<figure class=\"wp-block-image size-large\"><img loading=\"lazy\" decoding=\"async\" width=\"20\" height=\"20\" src=\"http:\/\/obiektywnienajpiekniejsze.pl\/wp-content\/uploads\/2019\/01\/emptylogo.png\" alt=\"\" class=\"wp-image-87\"\/><\/figure>\n\n\n\n<h5 class=\"wp-block-heading has-text-align-center\"> TVN<\/h5>\n\n\n\n<figure class=\"wp-block-image size-large\"><img loading=\"lazy\" decoding=\"async\" width=\"1024\" height=\"565\" src=\"http:\/\/obiektywnienajpiekniejsze.pl\/wp-content\/uploads\/2021\/05\/182294308_182675760376628_5635272989878193293_n-1024x565.jpg\" alt=\"\" class=\"wp-image-1419\" srcset=\"http:\/\/obiektywnienajpiekniejsze.pl\/wp-content\/uploads\/2021\/05\/182294308_182675760376628_5635272989878193293_n-1024x565.jpg 1024w, http:\/\/obiektywnienajpiekniejsze.pl\/wp-content\/uploads\/2021\/05\/182294308_182675760376628_5635272989878193293_n-300x166.jpg 300w, http:\/\/obiektywnienajpiekniejsze.pl\/wp-content\/uploads\/2021\/05\/182294308_182675760376628_5635272989878193293_n-768x424.jpg 768w, http:\/\/obiektywnienajpiekniejsze.pl\/wp-content\/uploads\/2021\/05\/182294308_182675760376628_5635272989878193293_n-1536x847.jpg 1536w, http:\/\/obiektywnienajpiekniejsze.pl\/wp-content\/uploads\/2021\/05\/182294308_182675760376628_5635272989878193293_n.jpg 1829w\" sizes=\"auto, (max-width: 1024px) 100vw, 1024px\" \/><\/figure>\n\n\n\n<p><a href=\"https:\/\/dziendobry.tvn.pl\/a\/wyjatkowe-prace-polskiej-fotografki-w-gronie-najpiekniejszych-zdjec-porodowych-swiata-tam-nie-ma-ustawiania-nie-ma-dubli\" target=\"_blank\" rel=\"noreferrer noopener\">https:\/\/dziendobry.tvn.pl\/a\/wyjatkowe-prace-polskiej-fotografki-w-gronie-najpiekniejszych-zdjec-porodowych-swiata-tam-nie-ma-ustawiania-nie-ma-dubli<\/a><\/p>\n\n\n\n<figure class=\"wp-block-image\"><img loading=\"lazy\" decoding=\"async\" width=\"20\" height=\"20\" src=\"http:\/\/obiektywnienajpiekniejsze.pl\/wp-content\/uploads\/2019\/01\/emptylogo.png\" alt=\"\" class=\"wp-image-87\"\/><\/figure>\n\n\n\n<h5 class=\"wp-block-heading has-text-align-center\">25 lecie Fundacji Rodzi\u0107 po Ludzku<\/h5>\n\n\n\n<figure class=\"wp-block-image size-large\"><img loading=\"lazy\" decoding=\"async\" width=\"1024\" height=\"576\" src=\"http:\/\/obiektywnienajpiekniejsze.pl\/wp-content\/uploads\/2023\/04\/25-lat_Fundacja-Rodzi\u0107-po-Ludzku-1024x576.jpg\" alt=\"\" class=\"wp-image-1572\" srcset=\"http:\/\/obiektywnienajpiekniejsze.pl\/wp-content\/uploads\/2023\/04\/25-lat_Fundacja-Rodzi\u0107-po-Ludzku-1024x576.jpg 1024w, http:\/\/obiektywnienajpiekniejsze.pl\/wp-content\/uploads\/2023\/04\/25-lat_Fundacja-Rodzi\u0107-po-Ludzku-300x169.jpg 300w, http:\/\/obiektywnienajpiekniejsze.pl\/wp-content\/uploads\/2023\/04\/25-lat_Fundacja-Rodzi\u0107-po-Ludzku-768x432.jpg 768w, http:\/\/obiektywnienajpiekniejsze.pl\/wp-content\/uploads\/2023\/04\/25-lat_Fundacja-Rodzi\u0107-po-Ludzku-1536x864.jpg 1536w, http:\/\/obiektywnienajpiekniejsze.pl\/wp-content\/uploads\/2023\/04\/25-lat_Fundacja-Rodzi\u0107-po-Ludzku.jpg 1920w\" sizes=\"auto, (max-width: 1024px) 100vw, 1024px\" \/><\/figure>\n\n\n\n<p><a rel=\"noreferrer noopener\" target=\"_blank\" href=\"https:\/\/youtu.be\/HAow8OjbLEo\">https:\/\/youtu.be\/HAow8OjbLEo<\/a><\/p>\n\n\n\n<figure class=\"wp-block-image size-large\"><img loading=\"lazy\" decoding=\"async\" width=\"20\" height=\"20\" src=\"http:\/\/obiektywnienajpiekniejsze.pl\/wp-content\/uploads\/2019\/01\/emptylogo.png\" alt=\"\" class=\"wp-image-87\"\/><\/figure>\n\n\n\n<h5 class=\"wp-block-heading has-text-align-center\">Teraz Wilan\u00f3w &#8222;Narodziny syna&#8221;<\/h5>\n\n\n\n<figure class=\"wp-block-gallery has-nested-images columns-default is-cropped wp-block-gallery-3 is-layout-flex wp-block-gallery-is-layout-flex\">\n<figure class=\"wp-block-image size-large\"><img loading=\"lazy\" decoding=\"async\" width=\"1024\" height=\"726\" data-id=\"1556\" src=\"https:\/\/obiektywnienajpiekniejsze.pl\/wp-content\/uploads\/2023\/04\/Teraz-WIlan\u00f3w-1-1024x726.jpg\" alt=\"\" class=\"wp-image-1556\" srcset=\"http:\/\/obiektywnienajpiekniejsze.pl\/wp-content\/uploads\/2023\/04\/Teraz-WIlan\u00f3w-1-1024x726.jpg 1024w, http:\/\/obiektywnienajpiekniejsze.pl\/wp-content\/uploads\/2023\/04\/Teraz-WIlan\u00f3w-1-300x213.jpg 300w, http:\/\/obiektywnienajpiekniejsze.pl\/wp-content\/uploads\/2023\/04\/Teraz-WIlan\u00f3w-1-768x545.jpg 768w, http:\/\/obiektywnienajpiekniejsze.pl\/wp-content\/uploads\/2023\/04\/Teraz-WIlan\u00f3w-1.jpg 1341w\" sizes=\"auto, (max-width: 1024px) 100vw, 1024px\" \/><\/figure>\n\n\n\n<figure class=\"wp-block-image size-large\"><img loading=\"lazy\" decoding=\"async\" width=\"1024\" height=\"721\" data-id=\"1557\" src=\"https:\/\/obiektywnienajpiekniejsze.pl\/wp-content\/uploads\/2023\/04\/Teraz-WIlan\u00f3w-2-1024x721.jpg\" alt=\"\" class=\"wp-image-1557\" srcset=\"http:\/\/obiektywnienajpiekniejsze.pl\/wp-content\/uploads\/2023\/04\/Teraz-WIlan\u00f3w-2-1024x721.jpg 1024w, http:\/\/obiektywnienajpiekniejsze.pl\/wp-content\/uploads\/2023\/04\/Teraz-WIlan\u00f3w-2-300x211.jpg 300w, http:\/\/obiektywnienajpiekniejsze.pl\/wp-content\/uploads\/2023\/04\/Teraz-WIlan\u00f3w-2-768x541.jpg 768w, http:\/\/obiektywnienajpiekniejsze.pl\/wp-content\/uploads\/2023\/04\/Teraz-WIlan\u00f3w-2.jpg 1339w\" sizes=\"auto, (max-width: 1024px) 100vw, 1024px\" \/><\/figure>\n\n\n\n<figure class=\"wp-block-image size-large\"><img loading=\"lazy\" decoding=\"async\" width=\"1024\" height=\"719\" data-id=\"1558\" src=\"https:\/\/obiektywnienajpiekniejsze.pl\/wp-content\/uploads\/2023\/04\/Teraz-WIlan\u00f3w-3-1024x719.jpg\" alt=\"\" class=\"wp-image-1558\" srcset=\"http:\/\/obiektywnienajpiekniejsze.pl\/wp-content\/uploads\/2023\/04\/Teraz-WIlan\u00f3w-3-1024x719.jpg 1024w, http:\/\/obiektywnienajpiekniejsze.pl\/wp-content\/uploads\/2023\/04\/Teraz-WIlan\u00f3w-3-300x211.jpg 300w, http:\/\/obiektywnienajpiekniejsze.pl\/wp-content\/uploads\/2023\/04\/Teraz-WIlan\u00f3w-3-768x540.jpg 768w, http:\/\/obiektywnienajpiekniejsze.pl\/wp-content\/uploads\/2023\/04\/Teraz-WIlan\u00f3w-3.jpg 1331w\" sizes=\"auto, (max-width: 1024px) 100vw, 1024px\" \/><\/figure>\n<\/figure>\n\n\n\n<figure class=\"wp-block-image size-large\"><img loading=\"lazy\" decoding=\"async\" width=\"20\" height=\"20\" src=\"http:\/\/obiektywnienajpiekniejsze.pl\/wp-content\/uploads\/2019\/01\/emptylogo.png\" alt=\"\" class=\"wp-image-87\"\/><\/figure>\n\n\n\n<h5 class=\"wp-block-heading has-text-align-center\">Wywiad dla Fundacji &#8222;Rodzi\u0107 po Ludzku&#8221;<\/h5>\n\n\n<div class=\"wp-block-image\">\n<figure class=\"aligncenter size-medium\"><img loading=\"lazy\" decoding=\"async\" width=\"240\" height=\"300\" src=\"http:\/\/obiektywnienajpiekniejsze.pl\/wp-content\/uploads\/2023\/04\/Fundacja-Rodzi\u0107-po-Ludzku-240x300.jpg\" alt=\"\" class=\"wp-image-1559\" srcset=\"http:\/\/obiektywnienajpiekniejsze.pl\/wp-content\/uploads\/2023\/04\/Fundacja-Rodzi\u0107-po-Ludzku-240x300.jpg 240w, http:\/\/obiektywnienajpiekniejsze.pl\/wp-content\/uploads\/2023\/04\/Fundacja-Rodzi\u0107-po-Ludzku-819x1024.jpg 819w, http:\/\/obiektywnienajpiekniejsze.pl\/wp-content\/uploads\/2023\/04\/Fundacja-Rodzi\u0107-po-Ludzku-768x960.jpg 768w, http:\/\/obiektywnienajpiekniejsze.pl\/wp-content\/uploads\/2023\/04\/Fundacja-Rodzi\u0107-po-Ludzku.jpg 1080w\" sizes=\"auto, (max-width: 240px) 100vw, 240px\" \/><\/figure><\/div>\n\n\n<p><a href=\"https:\/\/www.instagram.com\/p\/CnSTv8lBBDU\/?utm_source=ig_web_copy_link&amp;fbclid=IwAR2lZ87SAfhquokShkr07TXoxrJZ3RveBZHRz-tmZHpsasHKi4dQDhWFPks\">https:\/\/www.instagram.com\/p\/CnSTv8lBBDU\/?utm_source=ig_web_copy_link&amp;fbclid=IwAR2lZ87SAfhquokShkr07TXoxrJZ3RveBZHRz-tmZHpsasHKi4dQDhWFPks<\/a><\/p>\n\n\n\n<figure class=\"wp-block-image size-large\"><img loading=\"lazy\" decoding=\"async\" width=\"20\" height=\"20\" src=\"http:\/\/obiektywnienajpiekniejsze.pl\/wp-content\/uploads\/2019\/01\/emptylogo.png\" alt=\"\" class=\"wp-image-87\"\/><\/figure>\n\n\n\n<h5 class=\"wp-block-heading has-text-align-center\"> baby by Ann<\/h5>\n\n\n\n<figure class=\"wp-block-image size-large\"><img loading=\"lazy\" decoding=\"async\" width=\"1024\" height=\"719\" src=\"http:\/\/obiektywnienajpiekniejsze.pl\/wp-content\/uploads\/2021\/05\/182048805_4259896904031904_6643763476709632919_n-1024x719.jpg\" alt=\"\" class=\"wp-image-1420\" srcset=\"http:\/\/obiektywnienajpiekniejsze.pl\/wp-content\/uploads\/2021\/05\/182048805_4259896904031904_6643763476709632919_n-1024x719.jpg 1024w, http:\/\/obiektywnienajpiekniejsze.pl\/wp-content\/uploads\/2021\/05\/182048805_4259896904031904_6643763476709632919_n-300x211.jpg 300w, http:\/\/obiektywnienajpiekniejsze.pl\/wp-content\/uploads\/2021\/05\/182048805_4259896904031904_6643763476709632919_n-768x539.jpg 768w, http:\/\/obiektywnienajpiekniejsze.pl\/wp-content\/uploads\/2021\/05\/182048805_4259896904031904_6643763476709632919_n.jpg 1215w\" sizes=\"auto, (max-width: 1024px) 100vw, 1024px\" \/><\/figure>\n\n\n\n<p><a rel=\"noreferrer noopener\" href=\"https:\/\/www.babybyann.com\/zycie\/utrwalam-momenty-piekne-pozytywne-ktore-kobieta-bedzie-miala-ochote-wspominac-rozmawiamy-z-ania-wibig-fotografka-narodzin\" target=\"_blank\">https:\/\/www.babybyann.com\/zycie\/utrwalam-momenty-piekne-pozytywne-ktore-kobieta-bedzie-miala-ochote-wspominac-rozmawiamy-z-ania-wibig-fotografka-narodzin<\/a><\/p>\n\n\n\n<figure class=\"wp-block-image\"><img loading=\"lazy\" decoding=\"async\" width=\"20\" height=\"20\" src=\"http:\/\/obiektywnienajpiekniejsze.pl\/wp-content\/uploads\/2019\/01\/emptylogo.png\" alt=\"\" class=\"wp-image-87\"\/><\/figure>\n\n\n\n<h5 class=\"wp-block-heading has-text-align-center\"> O mocy porodu<\/h5>\n\n\n\n<p><a href=\"https:\/\/www.facebook.com\/doulaaniakalbarczyk\/videos\/280395080245983\">https:\/\/www.facebook.com\/doulaaniakalbarczyk\/videos\/280395080245983<\/a><\/p>\n\n\n\n<figure class=\"wp-block-image\"><img loading=\"lazy\" decoding=\"async\" width=\"20\" height=\"20\" src=\"http:\/\/obiektywnienajpiekniejsze.pl\/wp-content\/uploads\/2019\/01\/emptylogo.png\" alt=\"\" class=\"wp-image-87\"\/><\/figure>\n\n\n\n<h5 class=\"wp-block-heading has-text-align-center\"> \u0141adne Bebe<\/h5>\n\n\n<div class=\"wp-block-image\">\n<figure class=\"aligncenter size-large\"><img loading=\"lazy\" decoding=\"async\" width=\"1024\" height=\"532\" src=\"http:\/\/obiektywnienajpiekniejsze.pl\/wp-content\/uploads\/2021\/05\/181819289_925337638007032_6084114140109869712_n-1024x532.jpg\" alt=\"\" class=\"wp-image-1418\" srcset=\"http:\/\/obiektywnienajpiekniejsze.pl\/wp-content\/uploads\/2021\/05\/181819289_925337638007032_6084114140109869712_n-1024x532.jpg 1024w, http:\/\/obiektywnienajpiekniejsze.pl\/wp-content\/uploads\/2021\/05\/181819289_925337638007032_6084114140109869712_n-300x156.jpg 300w, http:\/\/obiektywnienajpiekniejsze.pl\/wp-content\/uploads\/2021\/05\/181819289_925337638007032_6084114140109869712_n-768x399.jpg 768w, http:\/\/obiektywnienajpiekniejsze.pl\/wp-content\/uploads\/2021\/05\/181819289_925337638007032_6084114140109869712_n-1536x798.jpg 1536w, http:\/\/obiektywnienajpiekniejsze.pl\/wp-content\/uploads\/2021\/05\/181819289_925337638007032_6084114140109869712_n.jpg 1739w\" sizes=\"auto, (max-width: 1024px) 100vw, 1024px\" \/><\/figure><\/div>\n\n\n<p><a rel=\"noreferrer noopener\" href=\"https:\/\/ladnebebe.pl\/porod-to-slowo-ktore-boli-nie-fotografuje-porodu-fotografuje-narodziny\/\" target=\"_blank\">https:\/\/ladnebebe.pl\/porod-to-slowo-ktore-boli-nie-fotografuje-porodu-fotografuje-narodziny\/<\/a><\/p>\n\n\n\n<figure class=\"wp-block-image size-large\"><img loading=\"lazy\" decoding=\"async\" width=\"20\" height=\"20\" src=\"http:\/\/obiektywnienajpiekniejsze.pl\/wp-content\/uploads\/2019\/01\/emptylogo.png\" alt=\"\" class=\"wp-image-87\"\/><\/figure>\n\n\n\n<h5 class=\"wp-block-heading has-text-align-center\">Gazeta.pl<\/h5>\n\n\n\n<figure class=\"wp-block-image size-large\"><img loading=\"lazy\" decoding=\"async\" width=\"1024\" height=\"774\" src=\"http:\/\/obiektywnienajpiekniejsze.pl\/wp-content\/uploads\/2021\/01\/gazeta-wyborcza-1024x774.jpg\" alt=\"\" class=\"wp-image-1407\" srcset=\"http:\/\/obiektywnienajpiekniejsze.pl\/wp-content\/uploads\/2021\/01\/gazeta-wyborcza-1024x774.jpg 1024w, http:\/\/obiektywnienajpiekniejsze.pl\/wp-content\/uploads\/2021\/01\/gazeta-wyborcza-300x227.jpg 300w, http:\/\/obiektywnienajpiekniejsze.pl\/wp-content\/uploads\/2021\/01\/gazeta-wyborcza-768x581.jpg 768w, http:\/\/obiektywnienajpiekniejsze.pl\/wp-content\/uploads\/2021\/01\/gazeta-wyborcza.jpg 1099w\" sizes=\"auto, (max-width: 1024px) 100vw, 1024px\" \/><\/figure>\n\n\n\n<p><a href=\"https:\/\/www.edziecko.pl\/ciaza_i_porod\/7,79309,26734051,najlepsze-zdjecia-porodowe-2020-w-zestawieniu-dzielo-ani-wibig.html?fbclid=IwAR0fDz1YHgJzsgFJ0yMQVPs9HADdehRWA0a_8hMmpgbQasYBtdDykfxfPT4\">https:\/\/www.edziecko.pl\/ciaza_i_porod\/7,79309,26734051,najlepsze-zdjecia-porodowe-2020-w-zestawieniu-dzielo-ani-wibig.html?fbclid=IwAR0fDz1YHgJzsgFJ0yMQVPs9HADdehRWA0a_8hMmpgbQasYBtdDykfxfPT4<\/a><\/p>\n\n\n\n<figure class=\"wp-block-image size-large\"><img loading=\"lazy\" decoding=\"async\" width=\"20\" height=\"20\" src=\"http:\/\/obiektywnienajpiekniejsze.pl\/wp-content\/uploads\/2019\/01\/emptylogo.png\" alt=\"\" class=\"wp-image-87\"\/><\/figure>\n\n\n\n<h5 class=\"wp-block-heading has-text-align-center\">mama Du <\/h5>\n\n\n\n<figure class=\"wp-block-image size-large\"><img loading=\"lazy\" decoding=\"async\" width=\"614\" height=\"891\" src=\"http:\/\/obiektywnienajpiekniejsze.pl\/wp-content\/uploads\/2021\/01\/mamadu.jpg\" alt=\"\" class=\"wp-image-1406\" srcset=\"http:\/\/obiektywnienajpiekniejsze.pl\/wp-content\/uploads\/2021\/01\/mamadu.jpg 614w, http:\/\/obiektywnienajpiekniejsze.pl\/wp-content\/uploads\/2021\/01\/mamadu-207x300.jpg 207w\" sizes=\"auto, (max-width: 614px) 100vw, 614px\" \/><\/figure>\n\n\n\n<p><a href=\"https:\/\/mamadu.pl\/150503,najlepsze-porodowe-zdjecia-2020-dwa-z-nich-naleza-do-polki-anny-wibig?fbclid=IwAR062O0NVw2A3MquYYAkItI7wEGXbjZap-lBV-7jCag0xk97epl4XT-uVoc#\">https:\/\/mamadu.pl\/150503,najlepsze-porodowe-zdjecia-2020-dwa-z-nich-naleza-do-polki-anny-wibig?fbclid=IwAR062O0NVw2A3MquYYAkItI7wEGXbjZap-lBV-7jCag0xk97epl4XT-uVoc#<\/a><\/p>\n\n\n\n<figure class=\"wp-block-image size-large\"><img loading=\"lazy\" decoding=\"async\" width=\"20\" height=\"20\" src=\"http:\/\/obiektywnienajpiekniejsze.pl\/wp-content\/uploads\/2019\/01\/emptylogo.png\" alt=\"\" class=\"wp-image-87\"\/><\/figure>\n\n\n\n<h5 class=\"wp-block-heading has-text-align-center\">HuffPost<\/h5>\n\n\n\n<p>18 Moving Birth Photos From 2020<\/p>\n\n\n\n<p><a href=\"https:\/\/www.huffpost.com\/entry\/birth-photos-2020_l_6011f4ddc5b6c5586aa62b5a?guccounter=1&amp;guce_referrer=aHR0cHM6Ly93d3cuZ29vZ2xlLmNvbS8&amp;guce_referrer_sig=AQAAACHIg1VEVQdqzh63RwFp_3sLlm03bK-FMWKgBQwuajfaEbQrK80HgiSzZi83TOBTgII4sE7nIW7QL0lFr6v_m7G68fMPdXteJ5RJ_RtwhtcRu6OsUvhuQW_d6l2l8dVJtuckHC9xG8OMRq7ewKCoO8yOVU9cvkZK8cFY6qF1L7FN&amp;fbclid=IwAR3MQ5FwS9ptG0ZEOmHhWzXiv17vtIqTV4Hj453NqCiNeaJ0lFdM7xHyr44\">https:\/\/www.huffpost.com\/entry\/birth-photos-2020_l_6011f4ddc5b6c5586aa62b5a?guccounter=1&amp;guce_referrer=aHR0cHM6Ly93d3cuZ29vZ2xlLmNvbS8&amp;guce_referrer_sig=AQAAACHIg1VEVQdqzh63RwFp_3sLlm03bK-FMWKgBQwuajfaEbQrK80HgiSzZi83TOBTgII4sE7nIW7QL0lFr6v_m7G68fMPdXteJ5RJ_RtwhtcRu6OsUvhuQW_d6l2l8dVJtuckHC9xG8OMRq7ewKCoO8yOVU9cvkZK8cFY6qF1L7FN&amp;fbclid=IwAR3MQ5FwS9ptG0ZEOmHhWzXiv17vtIqTV4Hj453NqCiNeaJ0lFdM7xHyr44<\/a><\/p>\n\n\n\n<figure class=\"wp-block-image size-large\"><img loading=\"lazy\" decoding=\"async\" width=\"20\" height=\"20\" src=\"http:\/\/obiektywnienajpiekniejsze.pl\/wp-content\/uploads\/2019\/01\/emptylogo.png\" alt=\"\" class=\"wp-image-87\"\/><\/figure>\n\n\n\n<h5 class=\"wp-block-heading has-text-align-center\">MINT<\/h5>\n\n\n\n<figure class=\"wp-block-image size-large\"><img loading=\"lazy\" decoding=\"async\" width=\"1024\" height=\"523\" src=\"http:\/\/obiektywnienajpiekniejsze.pl\/wp-content\/uploads\/2021\/01\/mint-1024x523.jpg\" alt=\"\" class=\"wp-image-1408\" srcset=\"http:\/\/obiektywnienajpiekniejsze.pl\/wp-content\/uploads\/2021\/01\/mint-1024x523.jpg 1024w, http:\/\/obiektywnienajpiekniejsze.pl\/wp-content\/uploads\/2021\/01\/mint-300x153.jpg 300w, http:\/\/obiektywnienajpiekniejsze.pl\/wp-content\/uploads\/2021\/01\/mint-768x392.jpg 768w, http:\/\/obiektywnienajpiekniejsze.pl\/wp-content\/uploads\/2021\/01\/mint.jpg 1153w\" sizes=\"auto, (max-width: 1024px) 100vw, 1024px\" \/><\/figure>\n\n\n\n<figure class=\"wp-block-embed-wordpress wp-block-embed is-type-wp-embed is-provider-mint-magazyn-dla-mam\"><div class=\"wp-block-embed__wrapper\">\nhttps:\/\/mintmag.pl\/zdjecia-z-porodu-czy-warto-je-miec\/\n<\/div><\/figure>\n\n\n\n<figure class=\"wp-block-image size-large\"><img loading=\"lazy\" decoding=\"async\" width=\"20\" height=\"20\" src=\"http:\/\/obiektywnienajpiekniejsze.pl\/wp-content\/uploads\/2019\/01\/emptylogo.png\" alt=\"\" class=\"wp-image-87\"\/><\/figure>\n\n\n\n<h5 class=\"wp-block-heading has-text-align-center\">Pytanie na \u015bniadanie<\/h5>\n\n\n\n<p>Zdj\u0119cia z narodzin maluszka &#8211; TAK czy NIE?<\/p>\n\n\n\n<figure class=\"wp-block-image size-large\"><img loading=\"lazy\" decoding=\"async\" width=\"1024\" height=\"607\" src=\"http:\/\/obiektywnienajpiekniejsze.pl\/wp-content\/uploads\/2021\/01\/8-1024x607.jpg\" alt=\"\" class=\"wp-image-1404\" srcset=\"http:\/\/obiektywnienajpiekniejsze.pl\/wp-content\/uploads\/2021\/01\/8-1024x607.jpg 1024w, http:\/\/obiektywnienajpiekniejsze.pl\/wp-content\/uploads\/2021\/01\/8-300x178.jpg 300w, http:\/\/obiektywnienajpiekniejsze.pl\/wp-content\/uploads\/2021\/01\/8-768x455.jpg 768w, http:\/\/obiektywnienajpiekniejsze.pl\/wp-content\/uploads\/2021\/01\/8-1536x910.jpg 1536w, http:\/\/obiektywnienajpiekniejsze.pl\/wp-content\/uploads\/2021\/01\/8.jpg 1747w\" sizes=\"auto, (max-width: 1024px) 100vw, 1024px\" \/><\/figure>\n\n\n\n<p><a href=\"https:\/\/pytanienasniadanie.tvp.pl\/49584714\/sesja-fotograficzna-na-porodowkach?fbclid=IwAR08zXPLDKM_ppPlRKgkSBwtcwExcqvbhNc5FKnVX1H8Zhc1sWPZ0pG2if4\">https:\/\/pytanienasniadanie.tvp.pl\/49584714\/sesja-fotograficzna-na-porodowkach?fbclid=IwAR08zXPLDKM_ppPlRKgkSBwtcwExcqvbhNc5FKnVX1H8Zhc1sWPZ0pG2if4<\/a><\/p>\n\n\n\n<figure class=\"wp-block-image\"><img loading=\"lazy\" decoding=\"async\" width=\"20\" height=\"20\" src=\"http:\/\/obiektywnienajpiekniejsze.pl\/wp-content\/uploads\/2019\/01\/emptylogo.png\" alt=\"\" class=\"wp-image-87\"\/><\/figure>\n\n\n\n<h5 class=\"wp-block-heading has-text-align-center\">M jak Mama<\/h5>\n\n\n\n<p>Zdj\u0119cia z porodu &#8211; fotografka opowiada, jak powstaj\u0105 sesje porodowe<\/p>\n\n\n\n<p><a href=\"https:\/\/www.mjakmama24.pl\/porod\/porod-naturalny\/zdjecia-z-porodu-fotografka-opowiada-jak-powstaja-sesje-porodowe-aa-MrBj-wx5i-uDyi.html?utm_source=facebook&amp;utm_medium=post_red&amp;utm_campaign=mjakmama_fb&amp;utm_content=zdjecia_z_porodu_fotografka_opowiada_jak_powstaja_sesje_porodowe&amp;fbclid=IwAR26s9-pd0sKe7sTImINae6kxKLKARtAZcGkTIo3PJtuafS4NaVoSx77eJk\" target=\"_blank\" rel=\"noreferrer noopener\" aria-label=\"https:\/\/www.mjakmama24.pl\/porod\/porod-naturalny\/zdjecia-z-porodu-fotografka-opowiada-jak-powstaja-sesje-porodowe-aa-MrBj-wx5i-uDyi.html?utm_source=facebook&amp;utm_medium=post_red&amp;utm_campaign=mjakmama_fb&amp;utm_content=zdjecia_z_porodu_fotografka_opowiada_jak_powstaja_sesje_porodowe&amp;fbclid=IwAR26s9-pd0sKe7sTImINae6kxKLKARtAZcGkTIo3PJtuafS4NaVoSx77eJk (otwiera si\u0119 na nowej zak\u0142adce)\">https:\/\/www.mjakmama24.pl\/porod\/porod-naturalny\/zdjecia-z-porodu-fotografka-opowiada-jak-powstaja-sesje-porodowe-aa-MrBj-wx5i-uDyi.html?utm_source=facebook&amp;utm_medium=post_red&amp;utm_campaign=mjakmama_fb&amp;utm_content=zdjecia_z_porodu_fotografka_opowiada_jak_powstaja_sesje_porodowe&amp;fbclid=IwAR26s9-pd0sKe7sTImINae6kxKLKARtAZcGkTIo3PJtuafS4NaVoSx77eJk<\/a><a rel=\"noreferrer noopener\" href=\"https:\/\/l.facebook.com\/l.php?u=https%3A%2F%2Fwww.chcemybycrodzicami.pl%2Fzdjecia-z-narodzin-razem-damy-rade-fotografki-porodowe-w-obliczu-epidemii%2F%3Ffbclid%3DIwAR1bPQmZwuuquP9xiltcMReKbFOi7m7049ImFbU6KF3LlD6ArWC7ZUWFX0g&amp;h=AT1SevYnDyO8LUHdxvEr91YlZYBmtWLVXQSegRzBAI6Qz0w8kA2SV0Atue4P6smimD5L8u4aUHT63zgfcHLDflhviFVxNEvjQZnaUMUhFWSk9f9xBJfHzGcu3i8jcoZH1MZejQ\" target=\"_blank\">h<\/a><\/p>\n\n\n\n<figure class=\"wp-block-image\"><img loading=\"lazy\" decoding=\"async\" width=\"20\" height=\"20\" src=\"http:\/\/obiektywnienajpiekniejsze.pl\/wp-content\/uploads\/2019\/01\/emptylogo.png\" alt=\"\" class=\"wp-image-87\"\/><\/figure>\n\n\n\n<h5 class=\"wp-block-heading has-text-align-center\">Pytanie na \u015bniadanie<\/h5>\n\n\n\n<p>Fotoreporta\u017c z narodzin. Co m\u00f3wi o sesji mama i co m\u00f3wi tata?<\/p>\n\n\n\n<figure class=\"wp-block-image\"><img loading=\"lazy\" decoding=\"async\" width=\"1024\" height=\"568\" src=\"http:\/\/obiektywnienajpiekniejsze.pl\/wp-content\/uploads\/2020\/02\/pns-1024x568.jpg\" alt=\"\" class=\"wp-image-1176\" srcset=\"http:\/\/obiektywnienajpiekniejsze.pl\/wp-content\/uploads\/2020\/02\/pns-1024x568.jpg 1024w, http:\/\/obiektywnienajpiekniejsze.pl\/wp-content\/uploads\/2020\/02\/pns-300x167.jpg 300w, http:\/\/obiektywnienajpiekniejsze.pl\/wp-content\/uploads\/2020\/02\/pns-768x426.jpg 768w, http:\/\/obiektywnienajpiekniejsze.pl\/wp-content\/uploads\/2020\/02\/pns.jpg 1169w\" sizes=\"auto, (max-width: 1024px) 100vw, 1024px\" \/><\/figure>\n\n\n\n<p><a href=\"https:\/\/pytanienasniadanie.tvp.pl\/46677229\/joanna-moro-zdecydowala-sie-na-sesje-zdjeciowa-podczas-porodu\" target=\"_blank\" rel=\"noreferrer noopener\" aria-label=\"https:\/\/pytanienasniadanie.tvp.pl\/46677229\/joanna-moro-zdecydowala-sie-na-sesje-zdjeciowa-podczas-porodu (otwiera si\u0119 na nowej zak\u0142adce)\">https:\/\/pytanienasniadanie.tvp.pl\/46677229\/joanna-moro-zdecydowala-sie-na-sesje-zdjeciowa-podczas-porodu<\/a><\/p>\n\n\n\n<figure class=\"wp-block-image\"><img loading=\"lazy\" decoding=\"async\" width=\"20\" height=\"20\" src=\"http:\/\/obiektywnienajpiekniejsze.pl\/wp-content\/uploads\/2019\/01\/emptylogo.png\" alt=\"\" class=\"wp-image-87\"\/><\/figure>\n\n\n\n<h5 class=\"wp-block-heading has-text-align-center\"><strong>Dzie\u0144 Dobry TVN<\/strong><\/h5>\n\n\n\n<p>Fotografia porodowa. Jak zatrzyma\u0107 pierwsze emocje? Jak wygl\u0105da sesja?<\/p>\n\n\n\n<figure class=\"wp-block-image\"><a href=\"https:\/\/dziendobry.tvn.pl\/a\/fotografia-porodowa-jak-zatrzymac-pierwsze-emocje-jak-wyglada-sesja\ufeff\" target=\"_blank\" rel=\"noreferrer noopener\"><img loading=\"lazy\" decoding=\"async\" width=\"1024\" height=\"576\" src=\"http:\/\/obiektywnienajpiekniejsze.pl\/wp-content\/uploads\/2019\/08\/3-1024x576.jpg\" alt=\"\" class=\"wp-image-898\" srcset=\"http:\/\/obiektywnienajpiekniejsze.pl\/wp-content\/uploads\/2019\/08\/3-1024x576.jpg 1024w, http:\/\/obiektywnienajpiekniejsze.pl\/wp-content\/uploads\/2019\/08\/3-300x169.jpg 300w, http:\/\/obiektywnienajpiekniejsze.pl\/wp-content\/uploads\/2019\/08\/3-768x432.jpg 768w, http:\/\/obiektywnienajpiekniejsze.pl\/wp-content\/uploads\/2019\/08\/3.jpg 1920w\" sizes=\"auto, (max-width: 1024px) 100vw, 1024px\" \/><\/a><\/figure>\n\n\n\n<p><a href=\"https:\/\/dziendobry.tvn.pl\/a\/fotografia-porodowa-jak-zatrzymac-pierwsze-emocje-jak-wyglada-sesja\" target=\"_blank\" rel=\"noreferrer noopener\" aria-label=\" (otwiera si\u0119 na nowej zak\u0142adce)\">https:\/\/dziendobry.tvn.pl\/a\/fotografia-porodowa-jak-zatrzymac-pierwsze-emocje-jak-wyglada-sesja<\/a><\/p>\n\n\n\n<figure class=\"wp-block-image\"><img loading=\"lazy\" decoding=\"async\" width=\"20\" height=\"20\" src=\"http:\/\/obiektywnienajpiekniejsze.pl\/wp-content\/uploads\/2019\/01\/emptylogo.png\" alt=\"\" class=\"wp-image-87\"\/><\/figure>\n\n\n\n<h5 class=\"wp-block-heading has-text-align-center\"><strong>Bored Panda<\/strong><\/h5>\n\n\n\n<p>13 Of The Best Photos From The First Half Of The B&amp;W Child Photography Competition 2019<\/p>\n\n\n\n<p><a href=\"https:\/\/www.boredpanda.com\/photography-black-and-white-child-photography-marko-nadj\/?afterlogin=savevote&amp;post=1811834&amp;score=1&amp;fbclid=IwAR1AWioJ03PXnSdH8sB2t1o9w-tjHo2GIzfjeWKYkf6EnxP_I9ripiBHoh0&amp;utm_source=facebook&amp;utm_medium=social&amp;utm_campaign=organic\">https:\/\/www.boredpanda.com\/photography-black-and-white-child-photography-marko-nadj\/?afterlogin=savevote&amp;post=1811834&amp;score=1&amp;fbclid=IwAR1AWioJ03PXnSdH8sB2t1o9w-tjHo2GIzfjeWKYkf6EnxP_I9ripiBHoh0&amp;utm_source=facebook&amp;utm_medium=social&amp;utm_campaign=organic<\/a><\/p>\n\n\n\n<figure class=\"wp-block-image\"><img loading=\"lazy\" decoding=\"async\" width=\"20\" height=\"20\" src=\"http:\/\/obiektywnienajpiekniejsze.pl\/wp-content\/uploads\/2019\/01\/emptylogo.png\" alt=\"\" class=\"wp-image-87\"\/><\/figure>\n\n\n\n<h5 class=\"wp-block-heading has-text-align-center\"><strong>Wywiad dla Akademii Fotografii Dzieci\u0119cej<\/strong><\/h5>\n\n\n\n<p>Z cyklu &#8222;Jej historia&#8221;: Ania Wibig. Fotografia porodowa w sercu<\/p>\n\n\n\n<figure class=\"wp-block-embed is-type-video is-provider-youtube wp-block-embed-youtube wp-embed-aspect-16-9 wp-has-aspect-ratio\"><div class=\"wp-block-embed__wrapper\">\n<iframe loading=\"lazy\" title=\"Jej historia - Ania Wibig. Fotografia porodowa w praktyce.\" width=\"750\" height=\"422\" src=\"https:\/\/www.youtube.com\/embed\/1ALE7Mwmue0?feature=oembed\" frameborder=\"0\" allow=\"accelerometer; autoplay; clipboard-write; encrypted-media; gyroscope; picture-in-picture; web-share\" referrerpolicy=\"strict-origin-when-cross-origin\" allowfullscreen><\/iframe>\n<\/div><\/figure>\n\n\n\n<figure class=\"wp-block-image\"><img loading=\"lazy\" decoding=\"async\" width=\"20\" height=\"20\" src=\"http:\/\/obiektywnienajpiekniejsze.pl\/wp-content\/uploads\/2019\/01\/emptylogo.png\" alt=\"\" class=\"wp-image-87\"\/><\/figure>\n\n\n\n<h5 class=\"wp-block-heading has-text-align-center\"><strong>Wpis na blogu granatOVO<\/strong><\/h5>\n\n\n\n<p>O co chodzi z t\u0105 fotografi\u0105 porodow\u0105?<\/p>\n\n\n\n<figure class=\"wp-block-image size-large\"><img loading=\"lazy\" decoding=\"async\" width=\"1024\" height=\"635\" src=\"http:\/\/obiektywnienajpiekniejsze.pl\/wp-content\/uploads\/2021\/01\/granatovo-1024x635.jpg\" alt=\"\" class=\"wp-image-1405\" srcset=\"http:\/\/obiektywnienajpiekniejsze.pl\/wp-content\/uploads\/2021\/01\/granatovo-1024x635.jpg 1024w, http:\/\/obiektywnienajpiekniejsze.pl\/wp-content\/uploads\/2021\/01\/granatovo-300x186.jpg 300w, http:\/\/obiektywnienajpiekniejsze.pl\/wp-content\/uploads\/2021\/01\/granatovo-768x476.jpg 768w, http:\/\/obiektywnienajpiekniejsze.pl\/wp-content\/uploads\/2021\/01\/granatovo.jpg 1315w\" sizes=\"auto, (max-width: 1024px) 100vw, 1024px\" \/><\/figure>\n\n\n\n<p><a href=\"http:\/\/granatovo.com\/2656\/\">http:\/\/granatovo.com\/2656\/<\/a><\/p>\n\n\n\n<figure class=\"wp-block-image\"><img loading=\"lazy\" decoding=\"async\" width=\"20\" height=\"20\" src=\"http:\/\/obiektywnienajpiekniejsze.pl\/wp-content\/uploads\/2019\/01\/emptylogo.png\" alt=\"\" class=\"wp-image-87\"\/><\/figure>\n\n\n\n<h5 class=\"wp-block-heading has-text-align-center\"><strong>Fotopolis<\/strong><\/h5>\n\n\n\n<p>Polacy kolejny raz triumfuj\u0105 w konkursie B&amp;W Child<\/p>\n\n\n\n<p><a href=\"https:\/\/www.fotopolis.pl\/inspiracje\/galerie\/32553-polacy-kolejny-raz-triumfuja-w-konkursie-b-w-child-zobacz-najlepsze-czarno-biale-zdjecia-dzieci-z-tegorocznej-edycji\" target=\"_blank\" rel=\"noreferrer noopener\" aria-label=\" (otwiera si\u0119 na nowej zak\u0142adce)\">https:\/\/www.fotopolis.pl\/inspiracje\/galerie\/32553-polacy-kolejny-raz-triumfuja-w-konkursie-b-w-child-zobacz-najlepsze-czarno-biale-zdjecia-dzieci-z-tegorocznej-edycji<\/a><\/p>\n\n\n\n<figure class=\"wp-block-image\"><img loading=\"lazy\" decoding=\"async\" width=\"20\" height=\"20\" src=\"http:\/\/obiektywnienajpiekniejsze.pl\/wp-content\/uploads\/2019\/01\/emptylogo.png\" alt=\"\" class=\"wp-image-87\"\/><\/figure>\n\n\n\n<h5 class=\"wp-block-heading has-text-align-center\"><strong>My Modern Met<\/strong><\/h5>\n\n\n\n<p>Outstanding Winners From the First Half of the 2019 B&amp;W Child Photo Competition<\/p>\n\n\n\n<p><a href=\"https:\/\/mymodernmet.com\/first-half-winners-2019-bw-child-photo\/?fbclid=IwAR35Rv_GfgwDYP78DUWOV8EUWM8fmB48U1FDNGhNStiEe6Ma3kishvnpzb4\" target=\"_blank\" rel=\"noreferrer noopener\" aria-label=\" (otwiera si\u0119 na nowej zak\u0142adce)\">https:\/\/mymodernmet.com\/first-half-winners-2019-bw-child-photo\/?fbclid=IwAR35Rv_GfgwDYP78DUWOV8EUWM8fmB48U1FDNGhNStiEe6Ma3kishvnpzb4<\/a><\/p>\n\n\n\n<figure class=\"wp-block-image\"><img loading=\"lazy\" decoding=\"async\" width=\"20\" height=\"20\" src=\"http:\/\/obiektywnienajpiekniejsze.pl\/wp-content\/uploads\/2019\/01\/emptylogo.png\" alt=\"\" class=\"wp-image-87\"\/><\/figure>\n\n\n\n<h5 class=\"wp-block-heading has-text-align-center\">Wywiad dla <strong>Mamy Mamom<\/strong><\/h5>\n\n\n\n<p>Skupiam si\u0119 na emocjach, nie na fizjologii porodu<\/p>\n\n\n\n<figure class=\"wp-block-embed-wordpress aligncenter wp-block-embed is-type-wp-embed is-provider-mamy-mamom-pl\"><div class=\"wp-block-embed__wrapper\">\n<blockquote class=\"wp-embedded-content\" data-secret=\"ivjK36TOVB\"><a href=\"https:\/\/mamy-mamom.pl\/skupiam-sie-na-emocjach-nie-na-fizjologii-porodu\/\">Skupiam si\u0119 na emocjach, nie na fizjologii porodu<\/a><\/blockquote><iframe loading=\"lazy\" class=\"wp-embedded-content\" sandbox=\"allow-scripts\" security=\"restricted\" style=\"position: absolute; visibility: hidden;\" title=\"&#8222;Skupiam si\u0119 na emocjach, nie na fizjologii porodu&#8221; &#8212; Mamy-mamom.pl\" src=\"https:\/\/mamy-mamom.pl\/skupiam-sie-na-emocjach-nie-na-fizjologii-porodu\/embed\/#?secret=JA5jhNUq3E#?secret=ivjK36TOVB\" data-secret=\"ivjK36TOVB\" width=\"600\" height=\"338\" frameborder=\"0\" marginwidth=\"0\" marginheight=\"0\" scrolling=\"no\"><\/iframe>\n<\/div><\/figure>\n\n\n\n<figure class=\"wp-block-image\"><img loading=\"lazy\" decoding=\"async\" width=\"20\" height=\"20\" src=\"http:\/\/obiektywnienajpiekniejsze.pl\/wp-content\/uploads\/2019\/01\/emptylogo.png\" alt=\"\" class=\"wp-image-87\"\/><\/figure>\n\n\n\n<h5 class=\"wp-block-heading has-text-align-center\">Wywiad dla <strong>wp.pl<\/strong>\/parenting<\/h5>\n\n\n\n<p>Krew, \u0142zy i makija\u017c. Nowe trendy na salonach porodowych. <\/p>\n\n\n\n<p><a href=\"https:\/\/parenting.pl\/czy-malowac-sie-na-porodowke-sesje-zdjeciowe-przy-porodzie?fbclid=IwAR3W7hbTr7aAhZo85yYNmUzFmRVvhl_D6H3sm3TdE-5NAHP4ZlSDKl5MapI\" target=\"_blank\" rel=\"noreferrer noopener\" aria-label=\" (otwiera si\u0119 na nowej zak\u0142adce)\">https:\/\/parenting.pl\/czy-malowac-sie-na-porodowke-sesje-zdjeciowe-przy-porodzie?fbclid=IwAR3W7hbTr7aAhZo85yYNmUzFmRVvhl_D6H3sm3TdE-5NAHP4ZlSDKl5MapI<\/a><\/p>\n\n\n\n<figure class=\"wp-block-image\"><img loading=\"lazy\" decoding=\"async\" width=\"20\" height=\"20\" src=\"http:\/\/obiektywnienajpiekniejsze.pl\/wp-content\/uploads\/2019\/01\/emptylogo.png\" alt=\"\" class=\"wp-image-87\"\/><\/figure>\n\n\n\n<h5 class=\"wp-block-heading has-text-align-center\"><strong>Mama Mia! Czasopismo dla nowoczesnych rodzic\u00f3w<\/strong><\/h5>\n\n\n\n<p>Sta\u0142a rubryka Obiektywnie Najpi\u0119kniejsze<\/p>\n\n\n\n<p>Numer czerwiec-lipiec 2019<\/p>\n\n\n\n<figure class=\"wp-block-embed is-type-rich is-provider-issuu wp-block-embed-issuu\"><div class=\"wp-block-embed__wrapper\">\n<iframe title=\"MAMA MIA 6\" src=\"https:\/\/e.issuu.com\/embed.html?u=mamamiapl&#038;d=do_isuue&#038;pageNumber=62\" style=\"border:none; width: 750px; height: 575px;\" allow=\"clipboard-write,allow-top-navigation,allow-top-navigation-by-user-activation,allow-downloads,allow-scripts,allow-same-origin,allow-popups,allow-modals,allow-popups-to-escape-sandbox,allow-forms\"  allowfullscreen=\"true\"><\/iframe>\n<\/div><\/figure>\n\n\n\n<p>Numer kwiecie\u0144-maj 2019<\/p>\n\n\n\n<figure class=\"wp-block-embed is-type-rich is-provider-issuu wp-block-embed-issuu\"><div class=\"wp-block-embed__wrapper\">\n<iframe title=\"Mama mia 5\" src=\"https:\/\/e.issuu.com\/embed.html?u=mamamiapl&#038;d=mama_mia_online&#038;pageNumber=68\" style=\"border:none; width: 750px; height: 575px;\" allow=\"clipboard-write,allow-top-navigation,allow-top-navigation-by-user-activation,allow-downloads,allow-scripts,allow-same-origin,allow-popups,allow-modals,allow-popups-to-escape-sandbox,allow-forms\"  allowfullscreen=\"true\"><\/iframe>\n<\/div><\/figure>\n\n\n\n<figure class=\"wp-block-image\"><img loading=\"lazy\" decoding=\"async\" width=\"20\" height=\"20\" src=\"http:\/\/obiektywnienajpiekniejsze.pl\/wp-content\/uploads\/2019\/01\/emptylogo.png\" alt=\"\" class=\"wp-image-87\"\/><\/figure>\n\n\n\n<h5 class=\"wp-block-heading has-text-align-center\"><strong>Photo Vogue Itlay<\/strong><\/h5>\n\n\n\n<figure class=\"wp-block-image\"><img loading=\"lazy\" decoding=\"async\" width=\"1024\" height=\"684\" src=\"http:\/\/obiektywnienajpiekniejsze.pl\/wp-content\/uploads\/2019\/08\/Bartu\u015b_Vogue-1024x684.jpg\" alt=\"\" class=\"wp-image-884\" srcset=\"http:\/\/obiektywnienajpiekniejsze.pl\/wp-content\/uploads\/2019\/08\/Bartu\u015b_Vogue-1024x684.jpg 1024w, http:\/\/obiektywnienajpiekniejsze.pl\/wp-content\/uploads\/2019\/08\/Bartu\u015b_Vogue-300x200.jpg 300w, http:\/\/obiektywnienajpiekniejsze.pl\/wp-content\/uploads\/2019\/08\/Bartu\u015b_Vogue-768x513.jpg 768w, http:\/\/obiektywnienajpiekniejsze.pl\/wp-content\/uploads\/2019\/08\/Bartu\u015b_Vogue-720x480.jpg 720w, http:\/\/obiektywnienajpiekniejsze.pl\/wp-content\/uploads\/2019\/08\/Bartu\u015b_Vogue-272x182.jpg 272w, http:\/\/obiektywnienajpiekniejsze.pl\/wp-content\/uploads\/2019\/08\/Bartu\u015b_Vogue.jpg 1198w\" sizes=\"auto, (max-width: 1024px) 100vw, 1024px\" \/><\/figure>\n","protected":false},"excerpt":{"rendered":"<p>Dzie\u0144 dobry TVN https:\/\/dziendobry.tvn.pl\/styl-zycia\/fotografowanie-porodow-to-jej-pasja-jak-wyglada-jej-praca-st8254691 Vogue https:\/\/www.vogue.pl\/a\/pamiatka-na-cale-zycie-rozmawiamy-z-ania-wibig-fotografka-dokumentujaca-narodziny Szeroki Kadr \u2013 Fotograf miesi\u0105ca https:\/\/www.szerokikadr.pl\/fotograf-miesiaca\/ania-wibig eDziecko: Ania Wibig zdradza kulisy pracy fotografki porodowej https:\/\/www.edziecko.pl\/szkolarodzenia\/7,183401,28488617,anna-wibig-tworzy-reportaze-z-narodzin.html?fbclid=IwAR0jNDWtZlxV-DyRxNKTz5SP83tHOf0gYHEsojr-XWY2PUGoSYGhKRwkDS0 Wysokie obcasy https:\/\/www.wysokieobcasy.pl\/wysokie-obcasy\/7,173910,27065697,porod-zdjecia-ania-wibig-zdjecia-porodu-to-dla-wielu.html Szeroki Kadr &#8211; Inspiracja miesi\u0105ca https:\/\/www.szerokikadr.pl\/inspiracje\/ania-wibig Teraz Wilan\u00f3w &#8222;Urodzone w domu&#8221; Pytanie na \u015bniadanie https:\/\/pytanienasniadanie.tvp.pl\/57980855\/kontrowersyjne-sesje-z-porodow?fbclid=IwAR1b9UiaI-vbrp55fQ5WWeh9qsturM1nOo_jFC63o3eeVVtGcg0BLrToWQY Live [&hellip;]<\/p>\n","protected":false},"author":1,"featured_media":0,"parent":0,"menu_order":0,"comment_status":"closed","ping_status":"closed","template":"","meta":{"footnotes":""},"class_list":["post-785","page","type-page","status-publish","hentry"],"_links":{"self":[{"href":"http:\/\/obiektywnienajpiekniejsze.pl\/index.php?rest_route=\/wp\/v2\/pages\/785","targetHints":{"allow":["GET"]}}],"collection":[{"href":"http:\/\/obiektywnienajpiekniejsze.pl\/index.php?rest_route=\/wp\/v2\/pages"}],"about":[{"href":"http:\/\/obiektywnienajpiekniejsze.pl\/index.php?rest_route=\/wp\/v2\/types\/page"}],"author":[{"embeddable":true,"href":"http:\/\/obiektywnienajpiekniejsze.pl\/index.php?rest_route=\/wp\/v2\/users\/1"}],"replies":[{"embeddable":true,"href":"http:\/\/obiektywnienajpiekniejsze.pl\/index.php?rest_route=%2Fwp%2Fv2%2Fcomments&post=785"}],"version-history":[{"count":42,"href":"http:\/\/obiektywnienajpiekniejsze.pl\/index.php?rest_route=\/wp\/v2\/pages\/785\/revisions"}],"predecessor-version":[{"id":1924,"href":"http:\/\/obiektywnienajpiekniejsze.pl\/index.php?rest_route=\/wp\/v2\/pages\/785\/revisions\/1924"}],"wp:attachment":[{"href":"http:\/\/obiektywnienajpiekniejsze.pl\/index.php?rest_route=%2Fwp%2Fv2%2Fmedia&parent=785"}],"curies":[{"name":"wp","href":"https:\/\/api.w.org\/{rel}","templated":true}]}}