{"id":222,"date":"2019-01-20T17:40:59","date_gmt":"2019-01-20T17:40:59","guid":{"rendered":"http:\/\/obiektywnienajpiekniejsze.pl\/?page_id=222"},"modified":"2023-04-10T14:27:55","modified_gmt":"2023-04-10T14:27:55","slug":"razem-damy-rade","status":"publish","type":"page","link":"https:\/\/obiektywnienajpiekniejsze.pl\/","title":{"rendered":"Wasze pierwsze spotkanie w profesjonalnym obiektywie"},"content":{"rendered":"<div id=\"pl-222\"  class=\"panel-layout\" ><div id=\"pg-222-0\"  class=\"panel-grid panel-no-style\" ><div id=\"pgc-222-0-0\"  class=\"panel-grid-cell panel-grid-cell-empty\" ><\/div><\/div><div id=\"pg-222-1\"  class=\"panel-grid panel-no-style\" ><div id=\"pgc-222-1-0\"  class=\"panel-grid-cell\" ><div id=\"panel-222-1-0-0\" class=\"so-panel widget widget_text panel-first-child panel-last-child\" data-index=\"0\" >\t\t\t<div class=\"textwidget\"><p>Dokumentalna fotografia pierwszych chwil \u017cycia Twojego dziecka w Warszawie i wsz\u0119dzie gdzie zd\u0105\u017c\u0119 dojecha\u0107.<\/p>\n<p>Reporta\u017c z narodzin.<\/p>\n<p>Cudownie naturalne emocje: rodz\u0105ca si\u0119 mi\u0142o\u015b\u0107, \u0142zy wzruszenia, zachwyt nad nowym \u017cyciem uwiecznione w wyj\u0105tkowy spos\u00f3b.<\/p>\n<p>Wasza niesamowita historia mi\u0142o\u015bci opowiedziana przeze mnie fotografi\u0105.<\/p>\n<p>Obiektywnie najpi\u0119kniejsza.<\/p>\n<\/div>\n\t\t<\/div><\/div><\/div><div id=\"pg-222-2\"  class=\"panel-grid panel-no-style\" ><div id=\"pgc-222-2-0\"  class=\"panel-grid-cell\" ><div id=\"panel-222-2-0-0\" class=\"so-panel widget widget_text panel-first-child panel-last-child\" data-index=\"1\" >\t\t\t<div class=\"textwidget\"><h2>Dlaczego?<\/h2>\n<\/div>\n\t\t<\/div><\/div><\/div><div id=\"pg-222-3\"  class=\"panel-grid panel-no-style\" ><div id=\"pgc-222-3-0\"  class=\"panel-grid-cell\" ><div id=\"panel-222-3-0-0\" class=\"so-panel widget widget_text panel-first-child\" data-index=\"2\" >\t\t\t<div class=\"textwidget\"><h5>Dlaczego warto?<\/h5>\n<\/div>\n\t\t<\/div><div id=\"panel-222-3-0-1\" class=\"so-panel widget widget_text panel-last-child\" data-index=\"3\" >\t\t\t<div class=\"textwidget\"><p>Zobacz histori\u0119 Waszego pierwszego spotkania zatrzyman\u0105 moimi fotografiami w niezwyk\u0142y, artystyczny spos\u00f3b \u2013 tak wyj\u0105tkowy jak wyj\u0105tkowe s\u0105 te chwile.<\/p>\n<p><a href=\"http:\/\/obiektywnienajpiekniejsze.pl\/?p=99\">czytaj dalej \u2026<\/a><\/p>\n<\/div>\n\t\t<\/div><\/div><div id=\"pgc-222-3-1\"  class=\"panel-grid-cell\" ><div id=\"panel-222-3-1-0\" class=\"so-panel widget widget_sow-image panel-first-child panel-last-child\" data-index=\"4\" ><div\n\t\t\t\n\t\t\tclass=\"so-widget-sow-image so-widget-sow-image-default-8b5b6f678277-222\"\n\t\t\t\n\t\t>\n\n<div class=\"sow-image-container\">\n\t\t<img loading=\"lazy\" decoding=\"async\" src=\"https:\/\/obiektywnienajpiekniejsze.pl\/wp-content\/uploads\/2019\/01\/DSC_6381-4.jpg\" width=\"849\" height=\"567\" srcset=\"https:\/\/obiektywnienajpiekniejsze.pl\/wp-content\/uploads\/2019\/01\/DSC_6381-4.jpg 849w, https:\/\/obiektywnienajpiekniejsze.pl\/wp-content\/uploads\/2019\/01\/DSC_6381-4-300x200.jpg 300w, https:\/\/obiektywnienajpiekniejsze.pl\/wp-content\/uploads\/2019\/01\/DSC_6381-4-768x513.jpg 768w, https:\/\/obiektywnienajpiekniejsze.pl\/wp-content\/uploads\/2019\/01\/DSC_6381-4-720x480.jpg 720w, https:\/\/obiektywnienajpiekniejsze.pl\/wp-content\/uploads\/2019\/01\/DSC_6381-4-272x182.jpg 272w\" sizes=\"auto, (max-width: 849px) 100vw, 849px\" alt=\"\" \t\tclass=\"so-widget-image\"\/>\n\t<\/div>\n\n<\/div><\/div><\/div><\/div><div id=\"pg-222-4\"  class=\"panel-grid panel-no-style\" ><div id=\"pgc-222-4-0\"  class=\"panel-grid-cell\" ><div id=\"panel-222-4-0-0\" class=\"so-panel widget widget_sow-image panel-first-child panel-last-child\" data-index=\"5\" ><div\n\t\t\t\n\t\t\tclass=\"so-widget-sow-image so-widget-sow-image-default-8b5b6f678277-222\"\n\t\t\t\n\t\t>\n\n<div class=\"sow-image-container\">\n\t\t<img loading=\"lazy\" decoding=\"async\" src=\"https:\/\/obiektywnienajpiekniejsze.pl\/wp-content\/uploads\/2019\/01\/DSC_3608.jpg\" width=\"849\" height=\"567\" srcset=\"https:\/\/obiektywnienajpiekniejsze.pl\/wp-content\/uploads\/2019\/01\/DSC_3608.jpg 849w, https:\/\/obiektywnienajpiekniejsze.pl\/wp-content\/uploads\/2019\/01\/DSC_3608-300x200.jpg 300w, https:\/\/obiektywnienajpiekniejsze.pl\/wp-content\/uploads\/2019\/01\/DSC_3608-768x513.jpg 768w, https:\/\/obiektywnienajpiekniejsze.pl\/wp-content\/uploads\/2019\/01\/DSC_3608-720x480.jpg 720w, https:\/\/obiektywnienajpiekniejsze.pl\/wp-content\/uploads\/2019\/01\/DSC_3608-272x182.jpg 272w\" sizes=\"auto, (max-width: 849px) 100vw, 849px\" alt=\"\" \t\tclass=\"so-widget-image\"\/>\n\t<\/div>\n\n<\/div><\/div><\/div><div id=\"pgc-222-4-1\"  class=\"panel-grid-cell\" ><div id=\"panel-222-4-1-0\" class=\"so-panel widget widget_text panel-first-child\" data-index=\"6\" >\t\t\t<div class=\"textwidget\"><h5>Dlaczego profesjonalny fotograf?<\/h5>\n<\/div>\n\t\t<\/div><div id=\"panel-222-4-1-1\" class=\"so-panel widget widget_text panel-last-child\" data-index=\"7\" >\t\t\t<div class=\"textwidget\"><p>Profesjonalny fotograf znajdzie spos\u00f3b na uchwycenie tych cudownych chwil w wyj\u0105tkowy spos\u00f3b. Wyszuka ciekaw\u0105 perspektyw\u0119, wykorzysta interesuj\u0105co \u015bwiat\u0142o. Profesjonalny aparat pozwoli wykona\u0107 dobre zdj\u0119cia bez wykorzystania lampy b\u0142yskowej, czy dodatkowego o\u015bwietlenia studyjnego.<\/p>\n<p><a href=\"http:\/\/obiektywnienajpiekniejsze.pl\/?p=101\">czytaj dalej \u2026<\/a><\/p>\n<\/div>\n\t\t<\/div><\/div><\/div><div id=\"pg-222-5\"  class=\"panel-grid panel-no-style\" ><div id=\"pgc-222-5-0\"  class=\"panel-grid-cell\" ><div id=\"panel-222-5-0-0\" class=\"so-panel widget widget_text panel-first-child\" data-index=\"8\" >\t\t\t<div class=\"textwidget\"><h5>Dlaczego ja?<\/h5>\n<\/div>\n\t\t<\/div><div id=\"panel-222-5-0-1\" class=\"so-panel widget widget_text panel-last-child\" data-index=\"9\" >\t\t\t<div class=\"textwidget\"><p>Jestem kobiet\u0105, mam\u0105, a fotografia jest moj\u0105 wielk\u0105 pasj\u0105. Pasj\u0105, kt\u00f3ra zrodzi\u0142a si\u0119 z mi\u0142o\u015bci do moich dzieci. Wiem z w\u0142asnego do\u015bwiadczenia, jakim intymnym momentem s\u0105 dla Ciebie i Twojego Partnera narodziny dziecka. Wiem jak to uszanowa\u0107 i fotografowa\u0107 w spos\u00f3b nieingeruj\u0105cy w Wasze prze\u017cycia.<\/p>\n<p><a href=\"http:\/\/obiektywnienajpiekniejsze.pl\/?p=103\">czytaj dalej \u2026<\/a><\/p>\n<\/div>\n\t\t<\/div><\/div><div id=\"pgc-222-5-1\"  class=\"panel-grid-cell\" ><div id=\"panel-222-5-1-0\" class=\"so-panel widget widget_sow-image panel-first-child panel-last-child\" data-index=\"10\" ><div\n\t\t\t\n\t\t\tclass=\"so-widget-sow-image so-widget-sow-image-default-8b5b6f678277-222\"\n\t\t\t\n\t\t>\n\n<div class=\"sow-image-container\">\n\t\t<img loading=\"lazy\" decoding=\"async\" src=\"https:\/\/obiektywnienajpiekniejsze.pl\/wp-content\/uploads\/2019\/01\/DSC_2162.jpg\" width=\"849\" height=\"567\" srcset=\"https:\/\/obiektywnienajpiekniejsze.pl\/wp-content\/uploads\/2019\/01\/DSC_2162.jpg 849w, https:\/\/obiektywnienajpiekniejsze.pl\/wp-content\/uploads\/2019\/01\/DSC_2162-300x200.jpg 300w, https:\/\/obiektywnienajpiekniejsze.pl\/wp-content\/uploads\/2019\/01\/DSC_2162-768x513.jpg 768w, https:\/\/obiektywnienajpiekniejsze.pl\/wp-content\/uploads\/2019\/01\/DSC_2162-720x480.jpg 720w, https:\/\/obiektywnienajpiekniejsze.pl\/wp-content\/uploads\/2019\/01\/DSC_2162-272x182.jpg 272w\" sizes=\"auto, (max-width: 849px) 100vw, 849px\" alt=\"\" \t\tclass=\"so-widget-image\"\/>\n\t<\/div>\n\n<\/div><\/div><\/div><\/div><div id=\"pg-222-6\"  class=\"panel-grid panel-no-style\" ><div id=\"pgc-222-6-0\"  class=\"panel-grid-cell\" ><div id=\"panel-222-6-0-0\" class=\"so-panel widget widget_sow-image panel-first-child panel-last-child\" data-index=\"11\" ><div\n\t\t\t\n\t\t\tclass=\"so-widget-sow-image so-widget-sow-image-default-8b5b6f678277-222\"\n\t\t\t\n\t\t>\n\n<div class=\"sow-image-container\">\n\t\t<img loading=\"lazy\" decoding=\"async\" src=\"https:\/\/obiektywnienajpiekniejsze.pl\/wp-content\/uploads\/2019\/01\/wdomu-21.jpg\" width=\"851\" height=\"567\" srcset=\"https:\/\/obiektywnienajpiekniejsze.pl\/wp-content\/uploads\/2019\/01\/wdomu-21.jpg 851w, https:\/\/obiektywnienajpiekniejsze.pl\/wp-content\/uploads\/2019\/01\/wdomu-21-300x200.jpg 300w, https:\/\/obiektywnienajpiekniejsze.pl\/wp-content\/uploads\/2019\/01\/wdomu-21-768x512.jpg 768w, https:\/\/obiektywnienajpiekniejsze.pl\/wp-content\/uploads\/2019\/01\/wdomu-21-720x480.jpg 720w, https:\/\/obiektywnienajpiekniejsze.pl\/wp-content\/uploads\/2019\/01\/wdomu-21-272x182.jpg 272w\" sizes=\"auto, (max-width: 851px) 100vw, 851px\" alt=\"\" \t\tclass=\"so-widget-image\"\/>\n\t<\/div>\n\n<\/div><\/div><\/div><div id=\"pgc-222-6-1\"  class=\"panel-grid-cell\" ><div id=\"panel-222-6-1-0\" class=\"so-panel widget widget_text panel-first-child\" data-index=\"12\" >\t\t\t<div class=\"textwidget\"><h5>Dlaczego obiektywnie najpi\u0119kniejsze?<\/h5>\n<\/div>\n\t\t<\/div><div id=\"panel-222-6-1-1\" class=\"so-panel widget widget_text panel-last-child\" data-index=\"13\" >\t\t\t<div class=\"textwidget\"><p>Kiedy\u015b siedzia\u0142am u przyjaci\u00f3\u0142ki na kawce. Wyrwa\u0142y\u015bmy chwil\u0119 dla siebie \u2013 nasi m\u0119\u017cowie dzielnie postanowili zaj\u0105\u0107 si\u0119 dzie\u0107mi. Po jakim\u015b czasie wr\u00f3ci\u0142 m\u0105\u017c mojej przyjaci\u00f3\u0142ki z ich ma\u0142\u0105 c\u00f3reczk\u0105 z piaskownicy. Usiad\u0142 przy stole i z iskrami w oczach powiedzia\u0142 do \u017cony:<\/p>\n<p><a href=\"http:\/\/obiektywnienajpiekniejsze.pl\/?p=632\">czytaj dalej \u2026<\/a><\/p>\n<\/div>\n\t\t<\/div><\/div><\/div><div id=\"pg-222-7\"  class=\"panel-grid panel-no-style\" ><div id=\"pgc-222-7-0\"  class=\"panel-grid-cell\" ><div id=\"panel-222-7-0-0\" class=\"so-panel widget widget_text panel-first-child panel-last-child\" data-index=\"14\" >\t\t\t<div class=\"textwidget\"><h2>Zobacz obiektywnie najpiekniejsze historie<\/h2>\n<\/div>\n\t\t<\/div><\/div><\/div><div id=\"pg-222-8\"  class=\"panel-grid panel-no-style\" ><div id=\"pgc-222-8-0\"  class=\"panel-grid-cell\" ><div id=\"panel-222-8-0-0\" class=\"so-panel widget widget_text panel-first-child\" data-index=\"15\" >\t\t\t<div class=\"textwidget\"><h3>Narodziny Sary<\/h3>\n<\/div>\n\t\t<\/div><div id=\"panel-222-8-0-1\" class=\"so-panel widget widget_text\" data-index=\"16\" >\t\t\t<div class=\"textwidget\"><p>Gdy Paulina podczas naszej pierwszej rozmowy powiedzia\u0142a mi, \u017ce bardzo chcia\u0142aby urodzi\u0107 do wody pomy\u015bla\u0142am, \u017ce to b\u0119dzie z pewno\u015bci\u0105 co\u015b niesamowitego.<\/p>\n<\/div>\n\t\t<\/div><div id=\"panel-222-8-0-2\" class=\"so-panel widget widget_media_video\" data-index=\"17\" ><div style=\"width:100%;\" class=\"wp-video\"><!--[if lt IE 9]><script>document.createElement('video');<\/script><![endif]-->\n<video class=\"wp-video-shortcode\" id=\"video-222-1\" preload=\"metadata\" controls=\"controls\"><source type=\"video\/mp4\" src=\"https:\/\/obiektywnienajpiekniejsze.pl\/wp-content\/uploads\/2019\/08\/Witaj-Sara-maly.mp4?_=1\" \/><source type=\"video\/mp4\" src=\"http:\/\/obiektywnienajpiekniejsze.pl\/wp-content\/uploads\/2019\/08\/Witaj-Sara-maly.mp4?_=1\" \/><a href=\"https:\/\/obiektywnienajpiekniejsze.pl\/wp-content\/uploads\/2019\/08\/Witaj-Sara-maly.mp4\">https:\/\/obiektywnienajpiekniejsze.pl\/wp-content\/uploads\/2019\/08\/Witaj-Sara-maly.mp4<\/a><\/video><\/div><\/div><div id=\"panel-222-8-0-3\" class=\"so-panel widget widget_text\" data-index=\"18\" >\t\t\t<div class=\"textwidget\"><p>Takie porody to nadal rzadko\u015b\u0107 w polskich szpitalach. I co\u015b czego jeszcze nie fotografowa\u0142am. Nie mog\u0142am si\u0119 doczeka\u0107 ca\u0142y czas uk\u0142adaj\u0105c kadry w g\u0142owie. Przez dwa tygodnie przed terminem porodu czeka\u0142am w napi\u0119ciu na sygna\u0142, \u017ce to ju\u017c i \u017ce mam jecha\u0107. To Pauliny drugie dziecko wi\u0119c wydawa\u0142o si\u0119, \u017ce faktycznie mo\u017ce by\u0107 wcze\u015bniej. I nic. Telefon milcza\u0142. W ko\u0144cu nadszed\u0142 ten czerwcowy ciep\u0142y wiecz\u00f3r. Pop\u0119dzi\u0142am do szpitala jak na skrzyd\u0142ach. Na porod\u00f3wce panowa\u0142a niesamowita cisza i spok\u00f3j. Noc snu\u0142a si\u0119 po korytarzu. Gdy pierwsze poranne \u015bwiat\u0142o wdar\u0142o si\u0119 na sal\u0119 porodow\u0105 Sara postanowi\u0142a d\u0142u\u017cej nie czeka\u0107. I tak jak marzy\u0142a Paulina pop\u0142yn\u0119\u0142a otulona ciep\u0142\u0105 wod\u0105 prosto w ramiona mamy. Zobaczcie niesamowicie wzruszaj\u0105ce przywitanie Sary ze \u015bwiatem.<\/p>\n<\/div>\n\t\t<\/div><div id=\"panel-222-8-0-4\" class=\"so-panel widget widget_text panel-last-child\" data-index=\"19\" >\t\t\t<div class=\"textwidget\"><p><a href=\"http:\/\/obiektywnienajpiekniejsze.pl\/?p=242\">Zobacz nast\u0119pn\u0105 histori\u0119 (czytaj dalej \u2026)<\/a><\/p>\n<\/div>\n\t\t<\/div><\/div><\/div><\/div>","protected":false},"excerpt":{"rendered":"<p>Dokumentalna fotografia pierwszych chwil \u017cycia Twojego dziecka w Warszawie i wsz\u0119dzie gdzie zd\u0105\u017c\u0119 dojecha\u0107. Reporta\u017c z narodzin. Cudownie naturalne emocje: rodz\u0105ca si\u0119 mi\u0142o\u015b\u0107, \u0142zy wzruszenia, zachwyt nad nowym \u017cyciem uwiecznione w wyj\u0105tkowy spos\u00f3b. Wasza niesamowita historia mi\u0142o\u015bci opowiedziana przeze mnie [&hellip;]<\/p>\n","protected":false},"author":1,"featured_media":0,"parent":0,"menu_order":0,"comment_status":"closed","ping_status":"closed","template":"","meta":{"footnotes":""},"class_list":["post-222","page","type-page","status-publish","hentry"],"_links":{"self":[{"href":"https:\/\/obiektywnienajpiekniejsze.pl\/index.php?rest_route=\/wp\/v2\/pages\/222","targetHints":{"allow":["GET"]}}],"collection":[{"href":"https:\/\/obiektywnienajpiekniejsze.pl\/index.php?rest_route=\/wp\/v2\/pages"}],"about":[{"href":"https:\/\/obiektywnienajpiekniejsze.pl\/index.php?rest_route=\/wp\/v2\/types\/page"}],"author":[{"embeddable":true,"href":"https:\/\/obiektywnienajpiekniejsze.pl\/index.php?rest_route=\/wp\/v2\/users\/1"}],"replies":[{"embeddable":true,"href":"https:\/\/obiektywnienajpiekniejsze.pl\/index.php?rest_route=%2Fwp%2Fv2%2Fcomments&post=222"}],"version-history":[{"count":93,"href":"https:\/\/obiektywnienajpiekniejsze.pl\/index.php?rest_route=\/wp\/v2\/pages\/222\/revisions"}],"predecessor-version":[{"id":1543,"href":"https:\/\/obiektywnienajpiekniejsze.pl\/index.php?rest_route=\/wp\/v2\/pages\/222\/revisions\/1543"}],"wp:attachment":[{"href":"https:\/\/obiektywnienajpiekniejsze.pl\/index.php?rest_route=%2Fwp%2Fv2%2Fmedia&parent=222"}],"curies":[{"name":"wp","href":"https:\/\/api.w.org\/{rel}","templated":true}]}}